{"id":411989,"date":"2019-10-07T13:00:38","date_gmt":"2019-10-07T11:00:38","guid":{"rendered":"https:\/\/www.feuerwehr-schwetzingen.de\/?page_id=411989"},"modified":"2019-10-07T13:14:23","modified_gmt":"2019-10-07T11:14:23","slug":"kdow","status":"publish","type":"page","link":"https:\/\/www.feuerwehr-schwetzingen.de\/?page_id=411989","title":{"rendered":"KdoW"},"content":{"rendered":"ngg_shortcode_0_placeholder\n<table>\n<tbody>\n<tr>\n<td><b><i>Rufname:<\/i><\/b><\/td>\n<td>Florian Schwetzingen 10<\/td>\n<\/tr>\n<tr>\n<td><b><i>Fahrgestell:<\/i><\/b><\/td>\n<td>Volvo XC90<\/td>\n<\/tr>\n<tr>\n<td><b><i>Baujahr:<\/i><\/b><\/td>\n<td>2018<\/td>\n<\/tr>\n<\/tbody>\n<\/table>\n<p><b><i>Beschreibung \/ Verwendungszweck:<\/i><\/b><\/p>\n<p>Der Kommandowagen dient dem Einsatzleiter als Hilfsmittel:<\/p>\n<ul>\n<li>zur Anfahrt der Einsatzstelle<\/li>\n<li>zur F\u00fchrung eines Zuges<\/li>\n<li>zur Erkundung von Einsatzstellen<\/li>\n<\/ul>\n<p><b><i>Beladung \/ Ausstattung:<\/i><\/b><\/p>\n<ul>\n<li>Mobiltelefon<\/li>\n<li>1 festeigebaute 4-m Funkger\u00e4te<\/li>\n<li>1 festeingebautes 2-m Funkger\u00e4t<\/li>\n<li>1 Pressluftatmer<\/li>\n<li>Einsatzpl\u00e4ne\/Unterlagen<\/li>\n<li>Photoausr\u00fcstung<\/li>\n<li>Sanit\u00e4tskoffer<\/li>\n<\/ul>\n","protected":false},"excerpt":{"rendered":"<p>Rufname: Florian Schwetzingen 10 Fahrgestell: Volvo XC90 Baujahr: 2018 Beschreibung \/ Verwendungszweck: Der Kommandowagen dient dem Einsatzleiter als Hilfsmittel: zur Anfahrt der Einsatzstelle zur F\u00fchrung eines Zuges zur Erkundung von Einsatzstellen Beladung \/ Ausstattung: Mobiltelefon 1 festeigebaute 4-m Funkger\u00e4te 1 festeingebautes 2-m Funkger\u00e4t 1 Pressluftatmer Einsatzpl\u00e4ne\/Unterlagen Photoausr\u00fcstung Sanit\u00e4tskoffer<\/p>\n","protected":false},"author":1,"featured_media":0,"parent":0,"menu_order":0,"comment_status":"closed","ping_status":"closed","template":"","meta":{"ngg_post_thumbnail":0,"footnotes":""},"class_list":["post-411989","page","type-page","status-publish","hentry"],"_links":{"self":[{"href":"https:\/\/www.feuerwehr-schwetzingen.de\/index.php?rest_route=\/wp\/v2\/pages\/411989","targetHints":{"allow":["GET"]}}],"collection":[{"href":"https:\/\/www.feuerwehr-schwetzingen.de\/index.php?rest_route=\/wp\/v2\/pages"}],"about":[{"href":"https:\/\/www.feuerwehr-schwetzingen.de\/index.php?rest_route=\/wp\/v2\/types\/page"}],"author":[{"embeddable":true,"href":"https:\/\/www.feuerwehr-schwetzingen.de\/index.php?rest_route=\/wp\/v2\/users\/1"}],"replies":[{"embeddable":true,"href":"https:\/\/www.feuerwehr-schwetzingen.de\/index.php?rest_route=%2Fwp%2Fv2%2Fcomments&post=411989"}],"version-history":[{"count":3,"href":"https:\/\/www.feuerwehr-schwetzingen.de\/index.php?rest_route=\/wp\/v2\/pages\/411989\/revisions"}],"predecessor-version":[{"id":411997,"href":"https:\/\/www.feuerwehr-schwetzingen.de\/index.php?rest_route=\/wp\/v2\/pages\/411989\/revisions\/411997"}],"wp:attachment":[{"href":"https:\/\/www.feuerwehr-schwetzingen.de\/index.php?rest_route=%2Fwp%2Fv2%2Fmedia&parent=411989"}],"curies":[{"name":"wp","href":"https:\/\/api.w.org\/{rel}","templated":true}]}}