{"id":66,"date":"2017-02-17T16:20:57","date_gmt":"2017-02-17T15:20:57","guid":{"rendered":"http:\/\/wordpress.feuerwehr-schwetzingen.de\/?page_id=66"},"modified":"2018-08-14T21:42:33","modified_gmt":"2018-08-14T19:42:33","slug":"gw-oel","status":"publish","type":"page","link":"https:\/\/www.feuerwehr-schwetzingen.de\/?page_id=66","title":{"rendered":"GW &#8211; \u00d6l"},"content":{"rendered":"ngg_shortcode_0_placeholder\n<table>\n<tr>\n<td><b><i>Rufname:<\/i><\/b><\/td>\n<td>Florian Schwetzingen 55<\/td>\n<\/tr>\n<tr>\n<td><b><i>Fahrgestell:<\/i><\/b><\/td>\n<td>Daimler Chrysler Vario 815 (Hochdach, mittlerer Radstand)<\/td>\n<\/tr>\n<tr>\n<td><b><i>Aufbauhersteller:<\/i><\/b><\/td>\n<td>Weschenfelder<\/td>\n<\/tr>\n<tr>\n<td><b><i>Baujahr:<\/i><\/b><\/td>\n<td>2003<\/td>\n<\/tr>\n<\/table>\n<p><b><i>Beschreibung\/Verwendungszweck:<\/i><\/b><\/p>\n<p>Ger\u00e4tewagen vom Typ GW-\u00d6l stellen Ger\u00e4te f\u00fcr Sofortma\u00dfnahmen bei der Bek\u00e4mpfung von Mineral\u00f6lunf\u00e4llen und f\u00fcr die Beseitigung anderer grundwassergef\u00e4hrdender Stoffe bereit. Die Besatzung besteht aus 3 Feuerwehrangeh\u00f6rigen.<br \/>\nDer GW-\u00d6l hat eine Zusatzbeladung zur Bew\u00e4ltigung von Kleineins\u00e4tzen.<br \/>\nDas Fahrzeug ist mit einer Heckabsicherungsanlage ausgestattet.<\/p>\n<p><b><i>Beladung\/ Ausstattung:<\/i><\/b><\/p>\n<ul>\n<li>Umf\u00fcllpumpe TUP 3\/1,5 f\u00fcr Mineral\u00f6l<\/li>\n<li>Schlauchpumpe f\u00fcr S\u00e4uren und \u00d6l<\/li>\n<li>Auffangbeh\u00e4lter<\/li>\n<li>Chemikalien- und Mineral\u00f6lbest\u00e4ndiges Schlauchmaterial<\/li>\n<li>verschiedene Chemikalien- und Mineral\u00f6lbest\u00e4ndige Armaturen<\/li>\n<li>Erdungsmaterial<\/li>\n<li>\u00d6l- und Chemikalien-Bindemittel<\/li>\n<li>Werkzeugsatz nicht funkenreissend<\/li>\n<li>Druckluftbetriebene Kraftstoffumf\u00fcllpumpe<\/li>\n<li>Stromaggregat Endress 8 kVA<\/li>\n<li>Werkzeugsatz zur T\u00fcr\u00f6ffnung<\/li>\n<li>Kombiger\u00e4t, Akkubetrieben Weber SPS 330-A<\/li>\n<li>Akkuschrauber<\/li>\n<li>Bohrhammer<\/li>\n<li>Schlagbohrmaschine<\/li>\n<li>Handkreiss\u00e4ge<\/li>\n<li>Stichs\u00e4ge<\/li>\n<li>Motorkettens\u00e4ge Stihl MS 360 C<\/li>\n<li>Fl\u00fcssigkeitssauger<\/li>\n<li>Elektrotauchpumpe<\/li>\n<li>&#8222;TNT-Tool&#8220;<\/li>\n<li>T\u00fcrramme<\/li>\n<li>CO-Gaswarner<\/li>\n<li>2 Handfunkger\u00e4te GP 900-11b<\/li>\n<li>2 Handlampen Adalit L-3000<\/li>\n<\/ul>\n","protected":false},"excerpt":{"rendered":"<p>&#8220; order_by=&#8220;sortorder&#8220; order_direction=&#8220;ASC&#8220; returns=&#8220;included&#8220; maximum_entity_count=&#8220;500&#8243;] Rufname: Florian Schwetzingen 55 Fahrgestell: Daimler Chrysler Vario 815 (Hochdach, mittlerer Radstand) Aufbauhersteller: Weschenfelder Baujahr: 2003 Beschreibung\/Verwendungszweck: Ger\u00e4tewagen vom Typ GW-\u00d6l stellen Ger\u00e4te f\u00fcr Sofortma\u00dfnahmen bei der Bek\u00e4mpfung von Mineral\u00f6lunf\u00e4llen und f\u00fcr die Beseitigung anderer grundwassergef\u00e4hrdender Stoffe bereit. Die Besatzung besteht aus 3 Feuerwehrangeh\u00f6rigen. Der GW-\u00d6l hat eine Zusatzbeladung zur &hellip; <\/p>\n<p class=\"link-more\"><a href=\"https:\/\/www.feuerwehr-schwetzingen.de\/?page_id=66\" class=\"more-link\"><span class=\"screen-reader-text\">\u201eGW &#8211; \u00d6l\u201c<\/span> weiterlesen<\/a><\/p>\n","protected":false},"author":1,"featured_media":0,"parent":0,"menu_order":0,"comment_status":"closed","ping_status":"closed","template":"","meta":{"ngg_post_thumbnail":0,"footnotes":""},"class_list":["post-66","page","type-page","status-publish","hentry"],"_links":{"self":[{"href":"https:\/\/www.feuerwehr-schwetzingen.de\/index.php?rest_route=\/wp\/v2\/pages\/66","targetHints":{"allow":["GET"]}}],"collection":[{"href":"https:\/\/www.feuerwehr-schwetzingen.de\/index.php?rest_route=\/wp\/v2\/pages"}],"about":[{"href":"https:\/\/www.feuerwehr-schwetzingen.de\/index.php?rest_route=\/wp\/v2\/types\/page"}],"author":[{"embeddable":true,"href":"https:\/\/www.feuerwehr-schwetzingen.de\/index.php?rest_route=\/wp\/v2\/users\/1"}],"replies":[{"embeddable":true,"href":"https:\/\/www.feuerwehr-schwetzingen.de\/index.php?rest_route=%2Fwp%2Fv2%2Fcomments&post=66"}],"version-history":[{"count":4,"href":"https:\/\/www.feuerwehr-schwetzingen.de\/index.php?rest_route=\/wp\/v2\/pages\/66\/revisions"}],"predecessor-version":[{"id":27689,"href":"https:\/\/www.feuerwehr-schwetzingen.de\/index.php?rest_route=\/wp\/v2\/pages\/66\/revisions\/27689"}],"wp:attachment":[{"href":"https:\/\/www.feuerwehr-schwetzingen.de\/index.php?rest_route=%2Fwp%2Fv2%2Fmedia&parent=66"}],"curies":[{"name":"wp","href":"https:\/\/api.w.org\/{rel}","templated":true}]}}